{"id":1590,"date":"2020-02-19T14:25:18","date_gmt":"2020-02-19T13:25:18","guid":{"rendered":"https:\/\/haciendamolleda.com\/?page_id=1590"},"modified":"2024-06-19T14:54:04","modified_gmt":"2024-06-19T12:54:04","slug":"hacienda-molleda-3","status":"publish","type":"page","link":"https:\/\/haciendamolleda.com\/en\/hacienda-molleda-3\/","title":{"rendered":"Hacienda Molleda"},"content":{"rendered":"<div class=\"wpb-content-wrapper\"><div class=\"vc_row wpb_row vc_row-fluid\"><div class=\"wpb_column vc_column_container vc_col-sm-12\"><div class=\"vc_column-inner\"><div class=\"wpb_wrapper\">\n\t<div  class=\"wpb_single_image wpb_content_element vc_align_center wpb_content_element\">\n\t\t\n\t\t<figure class=\"wpb_wrapper vc_figure\">\n\t\t\t<a href=\"https:\/\/haciendamolleda.com\/categoria-producto\/hacienda-molleda\/\" target=\"_self\" class=\"vc_single_image-wrapper   vc_box_border_grey\"><img loading=\"lazy\" decoding=\"async\" width=\"658\" height=\"271\" src=\"https:\/\/haciendamolleda.com\/wp-content\/uploads\/2020\/07\/1-1-e1594718751465.jpg\" class=\"vc_single_image-img attachment-full\" alt=\"Fotograf\u00eda de producto botella de vino de Hacienda Molleda para comercio electr\u00f3nico\" title=\"1\" \/><\/a>\n\t\t<\/figure>\n\t<\/div>\n\n\t<div class=\"wpb_text_column wpb_content_element\" >\n\t\t<div class=\"wpb_wrapper\">\n\t\t\t<h4 style=\"text-align: center;\">Selecci\u00f3n de parcelas vendimiadas en su momento \u00f3ptimo para extraer el m\u00e1ximo de aromas. Fermentaci\u00f3n de la uva a temperatura controlada para preservar el m\u00e1ximo de fruta.<\/h4>\n\n\t\t<\/div>\n\t<\/div>\n<\/div><\/div><\/div><\/div><div class=\"vc_row wpb_row vc_row-fluid vc_custom_1594632464207 vc_row-has-fill\"><div class=\"wpb_column vc_column_container vc_col-sm-12\"><div class=\"vc_column-inner\"><div class=\"wpb_wrapper\">\n\t<div class=\"wpb_text_column wpb_content_element vc_custom_1594632441711\" >\n\t\t<div class=\"wpb_wrapper\">\n\t\t\t<h3 class=\"product_title entry-title\" style=\"text-align: center;\">HACIENDA MOLLEDA \u2013 GARNACHA BLANCA BLANCO JOVEN<\/h3>\n\n\t\t<\/div>\n\t<\/div>\n<\/div><\/div><\/div><\/div><div class=\"vc_row wpb_row vc_row-fluid\"><div class=\"wpb_column vc_column_container vc_col-sm-4 vc_col-has-fill\"><div class=\"vc_column-inner vc_custom_1694003626276\"><div class=\"wpb_wrapper\">\n\t<div  class=\"wpb_single_image wpb_content_element vc_align_center wpb_content_element wpb_animate_when_almost_visible wpb_appear appear\">\n\t\t\n\t\t<figure class=\"wpb_wrapper vc_figure\">\n\t\t\t<a class=\"\" data-lightbox=\"lightbox[rel-1590-2454143265]\" href=\"https:\/\/haciendamolleda.com\/wp-content\/uploads\/2020\/04\/2.png\" target=\"_self\" class=\"vc_single_image-wrapper   vc_box_border_grey\"><img loading=\"lazy\" decoding=\"async\" width=\"400\" height=\"600\" src=\"https:\/\/haciendamolleda.com\/wp-content\/uploads\/2020\/04\/2.png\" class=\"vc_single_image-img attachment-full\" alt=\"Fotograf\u00eda de producto botella de vino de Hacienda Molleda para comercio electr\u00f3nico icono\" title=\"2\" srcset=\"https:\/\/haciendamolleda.com\/wp-content\/uploads\/2020\/04\/2.png 400w, https:\/\/haciendamolleda.com\/wp-content\/uploads\/2020\/04\/2-200x300.png 200w\" sizes=\"auto, (max-width: 400px) 100vw, 400px\" \/><\/a>\n\t\t<\/figure>\n\t<\/div>\n\n\t<div class=\"wpb_text_column wpb_content_element\" >\n\t\t<div class=\"wpb_wrapper\">\n\t\t\t<h4 style=\"text-align: center;\">DESCRIPCI\u00d3N<\/h4>\n\n\t\t<\/div>\n\t<\/div>\n<div class=\"vc_separator wpb_content_element vc_separator_align_center vc_sep_width_30 vc_sep_pos_align_center vc_separator_no_text vc_sep_color_grey wpb_content_element  wpb_content_element\" ><span class=\"vc_sep_holder vc_sep_holder_l\"><span class=\"vc_sep_line\"><\/span><\/span><span class=\"vc_sep_holder vc_sep_holder_r\"><span class=\"vc_sep_line\"><\/span><\/span>\n<\/div>\n\t<div class=\"wpb_text_column wpb_content_element\" >\n\t\t<div class=\"wpb_wrapper\">\n\t\t\t<p style=\"text-align: left;\"><strong>Color:<\/strong> Amarillo verdoso<\/p>\n<p style=\"text-align: left;\"><strong>Nariz:<\/strong> Gran Intensidad arom\u00e1tica. Predominan las flores blancas azahar, jazm\u00edn, azucena\u2026con tonos herb\u00e1ceos de retama. Tambi\u00e9n encontramos toques fruta blanca melocot\u00f3n, albaricoque\u2026<\/p>\n<p style=\"text-align: left;\"><strong>Boca:<\/strong> Boca fresca con volumen, untuosa y con mucho cuerpo.<\/p>\n\n\t\t<\/div>\n\t<\/div>\n<\/div><\/div><\/div><div class=\"wpb_column vc_column_container vc_col-sm-8 vc_col-has-fill\"><div class=\"vc_column-inner vc_custom_1694003558525\"><div class=\"wpb_wrapper\"><div class=\"vc_separator wpb_content_element vc_separator_align_center vc_sep_width_30 vc_sep_pos_align_center vc_separator_no_text vc_sep_color_grey wpb_content_element  wpb_content_element\" ><span class=\"vc_sep_holder vc_sep_holder_l\"><span class=\"vc_sep_line\"><\/span><\/span><span class=\"vc_sep_holder vc_sep_holder_r\"><span class=\"vc_sep_line\"><\/span><\/span>\n<\/div>\n\t<div class=\"wpb_text_column wpb_content_element\" >\n\t\t<div class=\"wpb_wrapper\">\n\t\t\t<p style=\"text-align: center;\">\u00abVino con gran expresi\u00f3n arom\u00e1tica, frescos en boca dise\u00f1ados para los j\u00f3venes winelovers\u00bb<\/p>\n<p style=\"text-align: center;\"><strong>Elaboraci\u00f3n:<\/strong> Elaborados en acero inoxidable con temperatura controlada, mediante mezcla de maceraci\u00f3n prefermentativa y batonage de l\u00edas finas y escurrido directo.<\/p>\n\n\t\t<\/div>\n\t<\/div>\n\n\t<div class=\"wpb_text_column wpb_content_element\" >\n\t\t<div class=\"wpb_wrapper\">\n\t\t\t<h4 style=\"text-align: center;\">Variedad<\/h4>\n<div class=\"icon_description_text\">\n<p style=\"text-align: center;\">Garnacha blanca + macabeo<\/p>\n<\/div>\n\n\t\t<\/div>\n\t<\/div>\n\n\t<div class=\"wpb_text_column wpb_content_element\" >\n\t\t<div class=\"wpb_wrapper\">\n\t\t\t<h4 style=\"text-align: center;\">Alcohol<\/h4>\n<div class=\"icon_description_text\">\n<p style=\"text-align: center;\">13% vol.<\/p>\n<\/div>\n\n\t\t<\/div>\n\t<\/div>\n\n\t<div class=\"wpb_text_column wpb_content_element\" >\n\t\t<div class=\"wpb_wrapper\">\n\t\t\t<h4 style=\"text-align: center;\">Denominaci\u00f3n<\/h4>\n<div class=\"icon_description_text\">\n<p style=\"text-align: center;\">D.O.P. Cari\u00f1ena<\/p>\n<\/div>\n\n\t\t<\/div>\n\t<\/div>\n\n\t<div class=\"wpb_text_column wpb_content_element\" >\n\t\t<div class=\"wpb_wrapper\">\n\t\t\t<h4 style=\"text-align: center;\">Maridaje<\/h4>\n<div class=\"icon_description_text\">\n<p style=\"text-align: center;\">Pastas arroces verduras setas pescados y aperitivos<\/p>\n<\/div>\n\n\t\t<\/div>\n\t<\/div>\n<\/div><\/div><\/div><\/div><div class=\"vc_row wpb_row vc_row-fluid vc_custom_1594632464207 vc_row-has-fill\"><div class=\"wpb_column vc_column_container vc_col-sm-12\"><div class=\"vc_column-inner\"><div class=\"wpb_wrapper\">\n\t<div class=\"wpb_text_column wpb_content_element\" >\n\t\t<div class=\"wpb_wrapper\">\n\t\t\t<h3 class=\"product_title entry-title\" style=\"text-align: center;\">HACIENDA MOLLEDA \u2013 BLANCO JOVEN<\/h3>\n\n\t\t<\/div>\n\t<\/div>\n<\/div><\/div><\/div><\/div><div class=\"vc_row wpb_row vc_row-fluid\"><div class=\"wpb_column vc_column_container vc_col-sm-8 vc_col-has-fill\"><div class=\"vc_column-inner vc_custom_1694003830836\"><div class=\"wpb_wrapper\"><div class=\"vc_separator wpb_content_element vc_separator_align_center vc_sep_width_30 vc_sep_pos_align_center vc_separator_no_text vc_sep_color_grey wpb_content_element  wpb_content_element\" ><span class=\"vc_sep_holder vc_sep_holder_l\"><span class=\"vc_sep_line\"><\/span><\/span><span class=\"vc_sep_holder vc_sep_holder_r\"><span class=\"vc_sep_line\"><\/span><\/span>\n<\/div>\n\t<div class=\"wpb_text_column wpb_content_element\" >\n\t\t<div class=\"wpb_wrapper\">\n\t\t\t<p style=\"text-align: center;\">Vino Joven fresco y ligero. Estilo moderno y dise\u00f1ado para gente joven, donde se intensifica el aroma.<\/p>\n<p style=\"text-align: center;\"><strong>Elaboraci\u00f3n:<\/strong>\u00a0Elaborados en acero inoxidable con temperatura controlada, mediante mezcla de maceraci\u00f3n prefermentativa y batonage de l\u00edas finas y escurrido directo.<\/p>\n\n\t\t<\/div>\n\t<\/div>\n\n\t<div class=\"wpb_text_column wpb_content_element\" >\n\t\t<div class=\"wpb_wrapper\">\n\t\t\t<h4 style=\"text-align: center;\">Variedad<\/h4>\n<div class=\"icon_description_text\">\n<p style=\"text-align: center;\">Macabeo<\/p>\n<\/div>\n\n\t\t<\/div>\n\t<\/div>\n\n\t<div class=\"wpb_text_column wpb_content_element\" >\n\t\t<div class=\"wpb_wrapper\">\n\t\t\t<h4 style=\"text-align: center;\">Alcohol<\/h4>\n<div class=\"icon_description_text\">\n<p style=\"text-align: center;\">12,5% vol.<\/p>\n<\/div>\n\n\t\t<\/div>\n\t<\/div>\n\n\t<div class=\"wpb_text_column wpb_content_element\" >\n\t\t<div class=\"wpb_wrapper\">\n\t\t\t<h4 style=\"text-align: center;\">Denominaci\u00f3n<\/h4>\n<div class=\"icon_description_text\">\n<p style=\"text-align: center;\">D.O.P. Cari\u00f1ena<\/p>\n<\/div>\n\n\t\t<\/div>\n\t<\/div>\n\n\t<div class=\"wpb_text_column wpb_content_element\" >\n\t\t<div class=\"wpb_wrapper\">\n\t\t\t<h4 style=\"text-align: center;\">Maridaje<\/h4>\n<div class=\"icon_description_text\">\n<p style=\"text-align: center;\">Pescados y aperitivos<\/p>\n<\/div>\n\n\t\t<\/div>\n\t<\/div>\n\n\t<div class=\"wpb_text_column wpb_content_element\" >\n\t\t<div class=\"wpb_wrapper\">\n\t\t\t<h4 style=\"text-align: center;\">Premios y menciones<\/h4>\n<div class=\"icon_description_text\">\n<p style=\"text-align: center;\">Zarcillo de Plata 2013.<\/p>\n<p style=\"text-align: center;\">Medalla Plata World Wine &amp; Spirits Competition 2014<\/p>\n<\/div>\n\n\t\t<\/div>\n\t<\/div>\n<\/div><\/div><\/div><div class=\"wpb_column vc_column_container vc_col-sm-4 vc_col-has-fill\"><div class=\"vc_column-inner vc_custom_1694003848567\"><div class=\"wpb_wrapper\"><div class=\"vc_empty_space\"   style=\"height: 92px\"><span class=\"vc_empty_space_inner\"><\/span><\/div>\n\t<div  class=\"wpb_single_image wpb_content_element vc_align_center wpb_content_element wpb_animate_when_almost_visible wpb_appear appear\">\n\t\t\n\t\t<figure class=\"wpb_wrapper vc_figure\">\n\t\t\t<a class=\"\" data-lightbox=\"lightbox[rel-1590-698440112]\" href=\"https:\/\/haciendamolleda.com\/wp-content\/uploads\/2020\/02\/HM-Blanco-Macabeo-400x600.jpg\" target=\"_self\" class=\"vc_single_image-wrapper   vc_box_border_grey\"><img loading=\"lazy\" decoding=\"async\" width=\"400\" height=\"600\" src=\"https:\/\/haciendamolleda.com\/wp-content\/uploads\/2020\/02\/HM-Blanco-Macabeo-400x600.jpg\" class=\"vc_single_image-img attachment-full\" alt=\"Fotograf\u00eda de producto botella de vino de Hacienda Molleda para comercio electr\u00f3nico\" title=\"HM-Blanco-Macabeo-400x600\" srcset=\"https:\/\/haciendamolleda.com\/wp-content\/uploads\/2020\/02\/HM-Blanco-Macabeo-400x600.jpg 400w, https:\/\/haciendamolleda.com\/wp-content\/uploads\/2020\/02\/HM-Blanco-Macabeo-400x600-200x300.jpg 200w\" sizes=\"auto, (max-width: 400px) 100vw, 400px\" \/><\/a>\n\t\t<\/figure>\n\t<\/div>\n\n\t<div class=\"wpb_text_column wpb_content_element\" >\n\t\t<div class=\"wpb_wrapper\">\n\t\t\t<h4 style=\"text-align: center;\">DESCRIPCI\u00d3N<\/h4>\n\n\t\t<\/div>\n\t<\/div>\n<div class=\"vc_separator wpb_content_element vc_separator_align_center vc_sep_width_30 vc_sep_pos_align_center vc_separator_no_text vc_sep_color_grey wpb_content_element  wpb_content_element\" ><span class=\"vc_sep_holder vc_sep_holder_l\"><span class=\"vc_sep_line\"><\/span><\/span><span class=\"vc_sep_holder vc_sep_holder_r\"><span class=\"vc_sep_line\"><\/span><\/span>\n<\/div>\n\t<div class=\"wpb_text_column wpb_content_element\" >\n\t\t<div class=\"wpb_wrapper\">\n\t\t\t<p style=\"text-align: left;\"><strong>Color:<\/strong>\u00a0Amarillo paja p\u00e1lido<\/p>\n<p style=\"text-align: left;\"><strong>Nariz:<\/strong>\u00a0Gran Intensidad arom\u00e1tica. Predominan las notas de frutas tropicales como la pi\u00f1a, mango, pl\u00e1tano y fruta de la pasi\u00f3n. Recuerdos a panader\u00eda. Notas c\u00edtricas.<\/p>\n<p><strong>Boca:<\/strong>\u00a0Buena acidez de car\u00e1cter c\u00edtrico con un sutil toque de carb\u00f3nico y buen recorrido.<\/p>\n\n\t\t<\/div>\n\t<\/div>\n<\/div><\/div><\/div><\/div><div class=\"vc_row wpb_row vc_row-fluid vc_custom_1594632464207 vc_row-has-fill\"><div class=\"wpb_column vc_column_container vc_col-sm-12\"><div class=\"vc_column-inner\"><div class=\"wpb_wrapper\">\n\t<div class=\"wpb_text_column wpb_content_element\" >\n\t\t<div class=\"wpb_wrapper\">\n\t\t\t<h3 class=\"product_title entry-title\" style=\"text-align: center;\">HACIENDA MOLLEDA \u2013 ROSADO<\/h3>\n\n\t\t<\/div>\n\t<\/div>\n<\/div><\/div><\/div><\/div><div class=\"vc_row wpb_row vc_row-fluid\"><div class=\"wpb_column vc_column_container vc_col-sm-4\"><div class=\"vc_column-inner\"><div class=\"wpb_wrapper\"><div class=\"vc_empty_space\"   style=\"height: 92px\"><span class=\"vc_empty_space_inner\"><\/span><\/div>\n\t<div  class=\"wpb_single_image wpb_content_element vc_align_center wpb_content_element wpb_animate_when_almost_visible wpb_appear appear\">\n\t\t\n\t\t<figure class=\"wpb_wrapper vc_figure\">\n\t\t\t<a class=\"\" data-lightbox=\"lightbox[rel-1590-2471405087]\" href=\"https:\/\/haciendamolleda.com\/wp-content\/uploads\/2020\/02\/HM-Rosado-Garnacha-400x600.jpg\" target=\"_self\" class=\"vc_single_image-wrapper   vc_box_border_grey\"><img loading=\"lazy\" decoding=\"async\" width=\"400\" height=\"600\" src=\"https:\/\/haciendamolleda.com\/wp-content\/uploads\/2020\/02\/HM-Rosado-Garnacha-400x600.jpg\" class=\"vc_single_image-img attachment-full\" alt=\"Fotograf\u00eda de producto botella de vino de Hacienda Molleda para comercio electr\u00f3nico\" title=\"HM-Rosado-Garnacha-400x600\" srcset=\"https:\/\/haciendamolleda.com\/wp-content\/uploads\/2020\/02\/HM-Rosado-Garnacha-400x600.jpg 400w, https:\/\/haciendamolleda.com\/wp-content\/uploads\/2020\/02\/HM-Rosado-Garnacha-400x600-200x300.jpg 200w\" sizes=\"auto, (max-width: 400px) 100vw, 400px\" \/><\/a>\n\t\t<\/figure>\n\t<\/div>\n<\/div><\/div><\/div><div class=\"wpb_column vc_column_container vc_col-sm-8\"><div class=\"vc_column-inner\"><div class=\"wpb_wrapper\"><div class=\"vc_separator wpb_content_element vc_separator_align_center vc_sep_width_30 vc_sep_pos_align_center vc_separator_no_text vc_sep_color_grey wpb_content_element  wpb_content_element\" ><span class=\"vc_sep_holder vc_sep_holder_l\"><span class=\"vc_sep_line\"><\/span><\/span><span class=\"vc_sep_holder vc_sep_holder_r\"><span class=\"vc_sep_line\"><\/span><\/span>\n<\/div>\n\t<div class=\"wpb_text_column wpb_content_element\" >\n\t\t<div class=\"wpb_wrapper\">\n\t\t\t<p style=\"text-align: center;\">Vino Joven y atractivo en vista y nariz. Es muy arom\u00e1tico, goloso y muy elegante. Suave en boca.<\/p>\n<p style=\"text-align: center;\"><strong>Elaboraci\u00f3n:<\/strong> Maceraci\u00f3n corta y prensado. Fermentaci\u00f3n en acero inoxidable con temperatura controlada.<\/p>\n\n\t\t<\/div>\n\t<\/div>\n\n\t<div class=\"wpb_text_column wpb_content_element\" >\n\t\t<div class=\"wpb_wrapper\">\n\t\t\t<h4 style=\"text-align: center;\">Variedad<\/h4>\n<div class=\"icon_description_text\">\n<p style=\"text-align: center;\">Garnacha<\/p>\n<\/div>\n\n\t\t<\/div>\n\t<\/div>\n\n\t<div class=\"wpb_text_column wpb_content_element\" >\n\t\t<div class=\"wpb_wrapper\">\n\t\t\t<h4 style=\"text-align: center;\">Alcohol<\/h4>\n<div class=\"icon_description_text\">\n<p style=\"text-align: center;\">12,5% vol.<\/p>\n<\/div>\n\n\t\t<\/div>\n\t<\/div>\n\n\t<div class=\"wpb_text_column wpb_content_element\" >\n\t\t<div class=\"wpb_wrapper\">\n\t\t\t<h4 style=\"text-align: center;\">Denominaci\u00f3n<\/h4>\n<div class=\"icon_description_text\">\n<p style=\"text-align: center;\">D.O.P. Cari\u00f1ena<\/p>\n<\/div>\n\n\t\t<\/div>\n\t<\/div>\n\n\t<div class=\"wpb_text_column wpb_content_element\" >\n\t\t<div class=\"wpb_wrapper\">\n\t\t\t<h4 style=\"text-align: center;\">Maridaje<\/h4>\n<div class=\"icon_description_text\">\n<p style=\"text-align: center;\">Aperitivos, pat\u00e9s, frutos secos, verduras, pescados, tortillas\u2026<\/p>\n<\/div>\n\n\t\t<\/div>\n\t<\/div>\n\n\t<div class=\"wpb_text_column wpb_content_element\" >\n\t\t<div class=\"wpb_wrapper\">\n\t\t\t<h4 style=\"text-align: center;\">Premios y menciones<\/h4>\n<div class=\"icon_description_text\">\n<p style=\"text-align: center;\">Medalla de Oro Catavinum World Wine &amp; Spirits Competition 2014 (2.013),.<\/p>\n<p style=\"text-align: center;\">85 puntos \/ 5 estrellas Gu\u00eda Pe\u00f1in 2015<\/p>\n<\/div>\n\n\t\t<\/div>\n\t<\/div>\n<\/div><\/div><\/div><div class=\"wpb_column vc_column_container vc_col-sm-4\"><div class=\"vc_column-inner\"><div class=\"wpb_wrapper\">\n\t<div class=\"wpb_text_column wpb_content_element\" >\n\t\t<div class=\"wpb_wrapper\">\n\t\t\t<h4 style=\"text-align: center;\">Descripci\u00f3n<\/h4>\n\n\t\t<\/div>\n\t<\/div>\n<div class=\"vc_separator wpb_content_element vc_separator_align_center vc_sep_width_30 vc_sep_pos_align_center vc_separator_no_text vc_sep_color_grey wpb_content_element  wpb_content_element\" ><span class=\"vc_sep_holder vc_sep_holder_l\"><span class=\"vc_sep_line\"><\/span><\/span><span class=\"vc_sep_holder vc_sep_holder_r\"><span class=\"vc_sep_line\"><\/span><\/span>\n<\/div>\n\t<div class=\"wpb_text_column wpb_content_element\" >\n\t\t<div class=\"wpb_wrapper\">\n\t\t\t<p style=\"text-align: left;\"><strong>Color:<\/strong>\u00a0Rosa frambuesa.<\/p>\n<p style=\"text-align: left;\"><strong>Nariz:<\/strong>\u00a0Gran Intensidad arom\u00e1tica. Predominan las notas de frutos rojos y fresas silvestres. Recuerdos a regaliz y piruleta. Tiene un agradable y suave fondo a gominolas.<\/p>\n<p style=\"text-align: left;\"><strong>Boca:<\/strong>\u00a0En boca tiene cierta untuosidad pero es fresco Buena estructura, sabroso, amplio y equilibrado. Fresco y suave.<\/p>\n\n\t\t<\/div>\n\t<\/div>\n<\/div><\/div><\/div><\/div><div class=\"vc_row wpb_row vc_row-fluid vc_custom_1594632464207 vc_row-has-fill\"><div class=\"wpb_column vc_column_container vc_col-sm-12\"><div class=\"vc_column-inner\"><div class=\"wpb_wrapper\">\n\t<div class=\"wpb_text_column wpb_content_element\" >\n\t\t<div class=\"wpb_wrapper\">\n\t\t\t<h3 class=\"product_title entry-title\" style=\"text-align: center;\">HACIENDA MOLLEDA \u2013 TINTO JOVEN GARNACHA<\/h3>\n\n\t\t<\/div>\n\t<\/div>\n<\/div><\/div><\/div><\/div><div class=\"vc_row wpb_row vc_row-fluid\"><div class=\"wpb_column vc_column_container vc_col-sm-8\"><div class=\"vc_column-inner\"><div class=\"wpb_wrapper\"><div class=\"vc_separator wpb_content_element vc_separator_align_center vc_sep_width_30 vc_sep_pos_align_center vc_separator_no_text vc_sep_color_grey wpb_content_element  wpb_content_element\" ><span class=\"vc_sep_holder vc_sep_holder_l\"><span class=\"vc_sep_line\"><\/span><\/span><span class=\"vc_sep_holder vc_sep_holder_r\"><span class=\"vc_sep_line\"><\/span><\/span>\n<\/div>\n\t<div class=\"wpb_text_column wpb_content_element\" >\n\t\t<div class=\"wpb_wrapper\">\n\t\t\t<p style=\"text-align: center;\">Vino joven muy arom\u00e1tico y muy elegante. Estilo moderno y dise\u00f1ado para gente joven, donde se intensifica el aroma.\u00a0Elaboraci\u00f3n en acero inoxidable con temperatura controlada.<\/p>\n\n\t\t<\/div>\n\t<\/div>\n\n\t<div class=\"wpb_text_column wpb_content_element\" >\n\t\t<div class=\"wpb_wrapper\">\n\t\t\t<h4 style=\"text-align: center;\">Variedad<\/h4>\n<div class=\"icon_description_text\">\n<p style=\"text-align: center;\">Garnacha<\/p>\n<\/div>\n\n\t\t<\/div>\n\t<\/div>\n\n\t<div class=\"wpb_text_column wpb_content_element\" >\n\t\t<div class=\"wpb_wrapper\">\n\t\t\t<h4 style=\"text-align: center;\">Alcohol<\/h4>\n<div class=\"icon_description_text\">\n<p style=\"text-align: center;\">14 % vol.<\/p>\n<\/div>\n\n\t\t<\/div>\n\t<\/div>\n\n\t<div class=\"wpb_text_column wpb_content_element\" >\n\t\t<div class=\"wpb_wrapper\">\n\t\t\t<h4 style=\"text-align: center;\">Denominaci\u00f3n<\/h4>\n<div class=\"icon_description_text\">\n<p style=\"text-align: center;\">D.O.P. Cari\u00f1ena<\/p>\n<\/div>\n\n\t\t<\/div>\n\t<\/div>\n\n\t<div class=\"wpb_text_column wpb_content_element\" >\n\t\t<div class=\"wpb_wrapper\">\n\t\t\t<h4 style=\"text-align: center;\">Maridaje<\/h4>\n<div class=\"icon_description_text\">\n<p style=\"text-align: center;\">Carnes rojas. Arroces y pastas. Queso y jam\u00f3n.<\/p>\n<\/div>\n\n\t\t<\/div>\n\t<\/div>\n\n\t<div class=\"wpb_text_column wpb_content_element\" >\n\t\t<div class=\"wpb_wrapper\">\n\t\t\t<h4 style=\"text-align: center;\">Premios y menciones<\/h4>\n<div class=\"icon_description_text\">\n<p style=\"text-align: center;\">Colecci\u00f3n El Vino de las Piedras 2.012,<\/p>\n<p style=\"text-align: center;\">Gu\u00eda Gourmet 2013, Gu\u00eda Mi vino cotidiano 2013,<\/p>\n<p style=\"text-align: center;\">Medalla Plata World Wine &amp; Spirits Competition 2.014,<\/p>\n<p style=\"text-align: center;\">86 puntos \/ 5 estrellas Gu\u00eda Pe\u00f1in 2015,<\/p>\n<p style=\"text-align: center;\">Medalla de plata DECANTER 2017<\/p>\n<\/div>\n<p style=\"text-align: center;\">Medalla de Oro gu\u00eda Gilbert&amp; Gaillard 2018 (2017)<\/p>\n<div class=\"icon_description_text\">\n<p style=\"text-align: center;\">Medalla de Oro gu\u00eda Gilbert&amp; Gaillard 2019 (2018)<\/p>\n<p style=\"text-align: center;\">88 puntos \/ 4 estrellas Gu\u00eda Pe\u00f1in 2023 (2022)<\/p>\n<p style=\"text-align: center;\">Medalla de plata DECANTER 2024 (2023)<\/p>\n<p>&nbsp;<\/p>\n<\/div>\n\n\t\t<\/div>\n\t<\/div>\n<\/div><\/div><\/div><div class=\"wpb_column vc_column_container vc_col-sm-4\"><div class=\"vc_column-inner\"><div class=\"wpb_wrapper\"><div class=\"vc_empty_space\"   style=\"height: 92px\"><span class=\"vc_empty_space_inner\"><\/span><\/div>\n\t<div  class=\"wpb_single_image wpb_content_element vc_align_center wpb_content_element wpb_animate_when_almost_visible wpb_appear appear\">\n\t\t\n\t\t<figure class=\"wpb_wrapper vc_figure\">\n\t\t\t<a class=\"\" data-lightbox=\"lightbox[rel-1590-4137846899]\" href=\"https:\/\/haciendamolleda.com\/wp-content\/uploads\/2020\/02\/HM-Garnacha-400x600.jpg\" target=\"_self\" class=\"vc_single_image-wrapper   vc_box_border_grey\"><img loading=\"lazy\" decoding=\"async\" width=\"400\" height=\"600\" src=\"https:\/\/haciendamolleda.com\/wp-content\/uploads\/2020\/02\/HM-Garnacha-400x600.jpg\" class=\"vc_single_image-img attachment-full\" alt=\"Fotograf\u00eda de producto botella de vino de Hacienda Molleda para comercio electr\u00f3nico\" title=\"HM-Garnacha-400x600\" srcset=\"https:\/\/haciendamolleda.com\/wp-content\/uploads\/2020\/02\/HM-Garnacha-400x600.jpg 400w, https:\/\/haciendamolleda.com\/wp-content\/uploads\/2020\/02\/HM-Garnacha-400x600-200x300.jpg 200w\" sizes=\"auto, (max-width: 400px) 100vw, 400px\" \/><\/a>\n\t\t<\/figure>\n\t<\/div>\n<\/div><\/div><\/div><div class=\"wpb_column vc_column_container vc_col-sm-4\"><div class=\"vc_column-inner\"><div class=\"wpb_wrapper\">\n\t<div class=\"wpb_text_column wpb_content_element\" >\n\t\t<div class=\"wpb_wrapper\">\n\t\t\t<h4 style=\"text-align: center;\">Descripci\u00f3n<\/h4>\n\n\t\t<\/div>\n\t<\/div>\n<div class=\"vc_separator wpb_content_element vc_separator_align_center vc_sep_width_30 vc_sep_pos_align_center vc_separator_no_text vc_sep_color_grey wpb_content_element  wpb_content_element\" ><span class=\"vc_sep_holder vc_sep_holder_l\"><span class=\"vc_sep_line\"><\/span><\/span><span class=\"vc_sep_holder vc_sep_holder_r\"><span class=\"vc_sep_line\"><\/span><\/span>\n<\/div>\n\t<div class=\"wpb_text_column wpb_content_element\" >\n\t\t<div class=\"wpb_wrapper\">\n\t\t\t<p style=\"text-align: left;\"><strong>Color:<\/strong>\u00a0Rojo cereza con matices viol\u00e1ceos.<\/p>\n<p style=\"text-align: left;\"><strong>Nariz:<\/strong>\u00a0Gran Intensidad arom\u00e1tica. Aroma dulz\u00f3n, con notas de gominolas y de caramelo de fresa y nata. Perfume de flores blancas que se entrelaza con aromas l\u00e1cteos de fresa y pl\u00e1tano. Recuerdos a vainillas, pimienta y c\u00edtricos.<\/p>\n<p style=\"text-align: left;\"><strong>Boca:<\/strong> Sabroso y f\u00e1cil de beber.<\/p>\n\n\t\t<\/div>\n\t<\/div>\n<\/div><\/div><\/div><\/div><div class=\"vc_row wpb_row vc_row-fluid vc_custom_1594632464207 vc_row-has-fill\"><div class=\"wpb_column vc_column_container vc_col-sm-12\"><div class=\"vc_column-inner\"><div class=\"wpb_wrapper\">\n\t<div class=\"wpb_text_column wpb_content_element\" >\n\t\t<div class=\"wpb_wrapper\">\n\t\t\t<h3 class=\"product_title entry-title\" style=\"text-align: center;\">HACIENDA MOLLEDA \u2013 CARI\u00d1ENA<\/h3>\n\n\t\t<\/div>\n\t<\/div>\n<\/div><\/div><\/div><\/div><div class=\"vc_row wpb_row vc_row-fluid\"><div class=\"wpb_column vc_column_container vc_col-sm-4\"><div class=\"vc_column-inner\"><div class=\"wpb_wrapper\"><div class=\"vc_empty_space\"   style=\"height: 92px\"><span class=\"vc_empty_space_inner\"><\/span><\/div>\n\t<div  class=\"wpb_single_image wpb_content_element vc_align_center wpb_content_element wpb_animate_when_almost_visible wpb_appear appear\">\n\t\t\n\t\t<figure class=\"wpb_wrapper vc_figure\">\n\t\t\t<a class=\"\" data-lightbox=\"lightbox[rel-1590-1018872860]\" href=\"https:\/\/haciendamolleda.com\/wp-content\/uploads\/2020\/02\/HM-Carinena.jpg\" target=\"_self\" class=\"vc_single_image-wrapper   vc_box_border_grey\"><img loading=\"lazy\" decoding=\"async\" width=\"400\" height=\"600\" src=\"https:\/\/haciendamolleda.com\/wp-content\/uploads\/2020\/02\/HM-Carinena.jpg\" class=\"vc_single_image-img attachment-full\" alt=\"Fotograf\u00eda de producto botella de vino de Hacienda Molleda para comercio electr\u00f3nico\" title=\"HM-Carinena\" srcset=\"https:\/\/haciendamolleda.com\/wp-content\/uploads\/2020\/02\/HM-Carinena.jpg 400w, https:\/\/haciendamolleda.com\/wp-content\/uploads\/2020\/02\/HM-Carinena-200x300.jpg 200w\" sizes=\"auto, (max-width: 400px) 100vw, 400px\" \/><\/a>\n\t\t<\/figure>\n\t<\/div>\n<\/div><\/div><\/div><div class=\"wpb_column vc_column_container vc_col-sm-8\"><div class=\"vc_column-inner\"><div class=\"wpb_wrapper\"><div class=\"vc_separator wpb_content_element vc_separator_align_center vc_sep_width_30 vc_sep_pos_align_center vc_separator_no_text vc_sep_color_grey wpb_content_element  wpb_content_element\" ><span class=\"vc_sep_holder vc_sep_holder_l\"><span class=\"vc_sep_line\"><\/span><\/span><span class=\"vc_sep_holder vc_sep_holder_r\"><span class=\"vc_sep_line\"><\/span><\/span>\n<\/div>\n\t<div class=\"wpb_text_column wpb_content_element\" >\n\t\t<div class=\"wpb_wrapper\">\n\t\t\t<p style=\"text-align: center;\">Vino joven muy arom\u00e1tico y muy elegante. Estilo moderno y dise\u00f1ado para gente joven, donde se intensifica el aroma.\u00a0Elaboraci\u00f3n en acero inoxidable con temperatura controlada.<\/p>\n\n\t\t<\/div>\n\t<\/div>\n\n\t<div class=\"wpb_text_column wpb_content_element\" >\n\t\t<div class=\"wpb_wrapper\">\n\t\t\t<h4 style=\"text-align: center;\">Variedad<\/h4>\n<div class=\"icon_description_text\">\n<p style=\"text-align: center;\">Cari\u00f1ena<\/p>\n<\/div>\n\n\t\t<\/div>\n\t<\/div>\n\n\t<div class=\"wpb_text_column wpb_content_element\" >\n\t\t<div class=\"wpb_wrapper\">\n\t\t\t<h4 style=\"text-align: center;\">Alcohol<\/h4>\n<div class=\"icon_description_text\">\n<p style=\"text-align: center;\">13,5 % vol.<\/p>\n<\/div>\n\n\t\t<\/div>\n\t<\/div>\n\n\t<div class=\"wpb_text_column wpb_content_element\" >\n\t\t<div class=\"wpb_wrapper\">\n\t\t\t<h4 style=\"text-align: center;\">Denominaci\u00f3n<\/h4>\n<div class=\"icon_description_text\">\n<p style=\"text-align: center;\">D.O.P. Cari\u00f1ena<\/p>\n<\/div>\n\n\t\t<\/div>\n\t<\/div>\n\n\t<div class=\"wpb_text_column wpb_content_element\" >\n\t\t<div class=\"wpb_wrapper\">\n\t\t\t<h4 style=\"text-align: center;\">Maridaje<\/h4>\n<div class=\"icon_description_text\">\n<p style=\"text-align: center;\">Carnes rojas. Arroces y pastas. Queso y jam\u00f3n.<\/p>\n<\/div>\n\n\t\t<\/div>\n\t<\/div>\n\n\t<div class=\"wpb_text_column wpb_content_element\" >\n\t\t<div class=\"wpb_wrapper\">\n\t\t\t<h4 style=\"text-align: center;\">Premios y menciones<\/h4>\n<div class=\"icon_description_text\">\n<p style=\"text-align: center;\">Medalla de Oro \u00a0en gu\u00eda Gilbert&amp; Gaillard 2019 (2017)<\/p>\n<\/div>\n\n\t\t<\/div>\n\t<\/div>\n<\/div><\/div><\/div><div class=\"wpb_column vc_column_container vc_col-sm-4\"><div class=\"vc_column-inner\"><div class=\"wpb_wrapper\">\n\t<div class=\"wpb_text_column wpb_content_element\" >\n\t\t<div class=\"wpb_wrapper\">\n\t\t\t<h4 style=\"text-align: center;\">Descripci\u00f3n<\/h4>\n\n\t\t<\/div>\n\t<\/div>\n<div class=\"vc_separator wpb_content_element vc_separator_align_center vc_sep_width_30 vc_sep_pos_align_center vc_separator_no_text vc_sep_color_grey wpb_content_element  wpb_content_element\" ><span class=\"vc_sep_holder vc_sep_holder_l\"><span class=\"vc_sep_line\"><\/span><\/span><span class=\"vc_sep_holder vc_sep_holder_r\"><span class=\"vc_sep_line\"><\/span><\/span>\n<\/div>\n\t<div class=\"wpb_text_column wpb_content_element\" >\n\t\t<div class=\"wpb_wrapper\">\n\t\t\t<p style=\"text-align: left;\"><strong>Color:<\/strong>\u00a0Rojo cereza con matices viol\u00e1ceos.<\/p>\n<p><strong>Nariz:<\/strong>\u00a0Gran Intensidad arom\u00e1tica. Fruta negra carnosa y madura da paso a toda una serie notas arom\u00e1ticas de violeta y\u00a0regaliz.<\/p>\n<p><strong>Boca:\u00a0<\/strong>Buena entrada con paso amplio y sedoso. Buena acidez, con taninos dulces. Final muy largo y persistente que deja sabores minerales y perfumados.<\/p>\n\n\t\t<\/div>\n\t<\/div>\n<\/div><\/div><\/div><\/div><div class=\"vc_row wpb_row vc_row-fluid vc_custom_1594632464207 vc_row-has-fill\"><div class=\"wpb_column vc_column_container vc_col-sm-12\"><div class=\"vc_column-inner\"><div class=\"wpb_wrapper\">\n\t<div class=\"wpb_text_column wpb_content_element\" >\n\t\t<div class=\"wpb_wrapper\">\n\t\t\t<h3 class=\"product_title entry-title\" style=\"text-align: center;\">HACIENDA MOLLEDA \u2013 ROBLE<\/h3>\n\n\t\t<\/div>\n\t<\/div>\n<\/div><\/div><\/div><\/div><div class=\"vc_row wpb_row vc_row-fluid\"><div class=\"wpb_column vc_column_container vc_col-sm-8 vc_col-has-fill\"><div class=\"vc_column-inner vc_custom_1694003710571\"><div class=\"wpb_wrapper\"><div class=\"vc_separator wpb_content_element vc_separator_align_center vc_sep_width_30 vc_sep_pos_align_center vc_separator_no_text vc_sep_color_grey wpb_content_element  wpb_content_element\" ><span class=\"vc_sep_holder vc_sep_holder_l\"><span class=\"vc_sep_line\"><\/span><\/span><span class=\"vc_sep_holder vc_sep_holder_r\"><span class=\"vc_sep_line\"><\/span><\/span>\n<\/div>\n\t<div class=\"wpb_text_column wpb_content_element\" >\n\t\t<div class=\"wpb_wrapper\">\n\t\t\t<p style=\"text-align: center;\">Vino garnacha, la variedad aut\u00f3ctona de Arag\u00f3n que m\u00e1s prestigio tiene a nivel mundial. Hacienda Molleda Roble (3 meses en barrica) combina el atractivo de la fruta roja con la elegancia de la madera.<\/p>\n<p style=\"text-align: center;\"><strong>Elaboraci\u00f3n:<\/strong> Fermentaci\u00f3n en acero inoxidable a temperatura controlada. Permanencia en barrica durante 3 meses.<\/p>\n\n\t\t<\/div>\n\t<\/div>\n\n\t<div class=\"wpb_text_column wpb_content_element\" >\n\t\t<div class=\"wpb_wrapper\">\n\t\t\t<h4 style=\"text-align: center;\">Variedad<\/h4>\n<div class=\"icon_description_text\">\n<p style=\"text-align: center;\">Garnacha 100%<\/p>\n<\/div>\n\n\t\t<\/div>\n\t<\/div>\n\n\t<div class=\"wpb_text_column wpb_content_element\" >\n\t\t<div class=\"wpb_wrapper\">\n\t\t\t<h4 style=\"text-align: center;\">Alcohol<\/h4>\n<div class=\"icon_description_text\">\n<p style=\"text-align: center;\">14% vol.<\/p>\n<\/div>\n\n\t\t<\/div>\n\t<\/div>\n\n\t<div class=\"wpb_text_column wpb_content_element\" >\n\t\t<div class=\"wpb_wrapper\">\n\t\t\t<h4 style=\"text-align: center;\">Denominaci\u00f3n<\/h4>\n<div class=\"icon_description_text\">\n<p style=\"text-align: center;\">D.O.P. Cari\u00f1ena<\/p>\n<\/div>\n\n\t\t<\/div>\n\t<\/div>\n\n\t<div class=\"wpb_text_column wpb_content_element\" >\n\t\t<div class=\"wpb_wrapper\">\n\t\t\t<h4 style=\"text-align: center;\">Maridaje<\/h4>\n<div class=\"icon_description_text\">\n<p style=\"text-align: center;\">Carnes rojas, arroz, jam\u00f3n y quesos.<\/p>\n<\/div>\n\n\t\t<\/div>\n\t<\/div>\n\n\t<div class=\"wpb_text_column wpb_content_element\" >\n\t\t<div class=\"wpb_wrapper\">\n\t\t\t<h4 style=\"text-align: center;\">Premios y menciones<\/h4>\n<div class=\"icon_description_text\">\n<p style=\"text-align: center;\">Sal\u00f3n El vino de la Piedras 2.014, 86 puntos .<\/p>\n<p style=\"text-align: center;\">5 estrellas Gu\u00eda Pe\u00f1\u00edn 2015, 94 puntos Gu\u00eda Gourmet 2015<\/p>\n<p style=\"text-align: center;\">Medalla de Bronce en Garnachas del Mundo 2017<\/p>\n<p style=\"text-align: center;\">Reconocimiento de elogio DECANTER 2017\u00a0(Commended Decanter)<\/p>\n<p style=\"text-align: center;\">Reconocimiento de elogio DECANTER 2018 (Commended Decanter)<\/p>\n<p style=\"text-align: center;\">Medalla de Oro \u00a0en gu\u00eda Gilbert&amp; Gaillard 2019(2017)<\/p>\n<\/div>\n\n\t\t<\/div>\n\t<\/div>\n<\/div><\/div><\/div><div class=\"wpb_column vc_column_container vc_col-sm-4 vc_col-has-fill\"><div class=\"vc_column-inner vc_custom_1694003692618\"><div class=\"wpb_wrapper\"><div class=\"vc_empty_space\"   style=\"height: 92px\"><span class=\"vc_empty_space_inner\"><\/span><\/div>\n\t<div  class=\"wpb_single_image wpb_content_element vc_align_center wpb_content_element wpb_animate_when_almost_visible wpb_appear appear\">\n\t\t\n\t\t<figure class=\"wpb_wrapper vc_figure\">\n\t\t\t<a class=\"\" data-lightbox=\"lightbox[rel-1590-3625003582]\" href=\"https:\/\/haciendamolleda.com\/wp-content\/uploads\/2020\/02\/HM-Garnacha-roble-400x600.jpg\" target=\"_self\" class=\"vc_single_image-wrapper   vc_box_border_grey\"><img loading=\"lazy\" decoding=\"async\" width=\"400\" height=\"600\" src=\"https:\/\/haciendamolleda.com\/wp-content\/uploads\/2020\/02\/HM-Garnacha-roble-400x600.jpg\" class=\"vc_single_image-img attachment-full\" alt=\"Fotograf\u00eda de producto botella de vino de Hacienda Molleda para comercio electr\u00f3nico\" title=\"HM-Garnacha-roble-400x600\" srcset=\"https:\/\/haciendamolleda.com\/wp-content\/uploads\/2020\/02\/HM-Garnacha-roble-400x600.jpg 400w, https:\/\/haciendamolleda.com\/wp-content\/uploads\/2020\/02\/HM-Garnacha-roble-400x600-200x300.jpg 200w\" sizes=\"auto, (max-width: 400px) 100vw, 400px\" \/><\/a>\n\t\t<\/figure>\n\t<\/div>\n\n\t<div class=\"wpb_text_column wpb_content_element\" >\n\t\t<div class=\"wpb_wrapper\">\n\t\t\t<h4 style=\"text-align: center;\">DESCRIPCI\u00d3N<\/h4>\n\n\t\t<\/div>\n\t<\/div>\n<div class=\"vc_separator wpb_content_element vc_separator_align_center vc_sep_width_30 vc_sep_pos_align_center vc_separator_no_text vc_sep_color_grey wpb_content_element  wpb_content_element\" ><span class=\"vc_sep_holder vc_sep_holder_l\"><span class=\"vc_sep_line\"><\/span><\/span><span class=\"vc_sep_holder vc_sep_holder_r\"><span class=\"vc_sep_line\"><\/span><\/span>\n<\/div>\n\t<div class=\"wpb_text_column wpb_content_element\" >\n\t\t<div class=\"wpb_wrapper\">\n\t\t\t<p style=\"text-align: left;\"><strong>Color:<\/strong>\u00a0Rojo cereza con ribete p\u00farpura<\/p>\n<p style=\"text-align: left;\"><strong>Nariz:<\/strong>\u00a0La Garnacha aut\u00f3ctona de estas tierras, desarrolla sus caracter\u00edsticas propias varietales, vinos frescos con aroma a frutas silvestres, a pimienta negra y a romero, ensamblados con sutiles notas minerales. El toque de barrica le ofrece complejidad, convirti\u00e9ndolo en un vino con un fondo de caf\u00e9 con leche y caramelo, elegante y sabroso.<\/p>\n<p style=\"text-align: left;\"><strong>Boca:<\/strong>\u00a0Con cuerpo, equilibrado y elegante<\/p>\n\n\t\t<\/div>\n\t<\/div>\n<\/div><\/div><\/div><\/div><div class=\"vc_row wpb_row vc_row-fluid vc_custom_1594632464207 vc_row-has-fill\"><div class=\"wpb_column vc_column_container vc_col-sm-12\"><div class=\"vc_column-inner\"><div class=\"wpb_wrapper\">\n\t<div class=\"wpb_text_column wpb_content_element\" >\n\t\t<div class=\"wpb_wrapper\">\n\t\t\t<h3 class=\"product_title entry-title\" style=\"text-align: center;\">HACIENDA MOLLEDA \u2013 CRIANZA PREMIUM<\/h3>\n\n\t\t<\/div>\n\t<\/div>\n<\/div><\/div><\/div><\/div><div class=\"vc_row wpb_row vc_row-fluid\"><div class=\"wpb_column vc_column_container vc_col-sm-4 vc_col-has-fill\"><div class=\"vc_column-inner vc_custom_1694003888773\"><div class=\"wpb_wrapper\"><div class=\"vc_empty_space\"   style=\"height: 92px\"><span class=\"vc_empty_space_inner\"><\/span><\/div>\n\t<div  class=\"wpb_single_image wpb_content_element vc_align_center wpb_content_element wpb_animate_when_almost_visible wpb_appear appear\">\n\t\t\n\t\t<figure class=\"wpb_wrapper vc_figure\">\n\t\t\t<a class=\"\" data-lightbox=\"lightbox[rel-1590-1820048812]\" href=\"https:\/\/haciendamolleda.com\/wp-content\/uploads\/2020\/02\/HM-Garnacha-Crianza-Premium-400x600.jpg\" target=\"_self\" class=\"vc_single_image-wrapper   vc_box_border_grey\"><img loading=\"lazy\" decoding=\"async\" width=\"400\" height=\"600\" src=\"https:\/\/haciendamolleda.com\/wp-content\/uploads\/2020\/02\/HM-Garnacha-Crianza-Premium-400x600.jpg\" class=\"vc_single_image-img attachment-full\" alt=\"Fotograf\u00eda de producto botella de vino de Hacienda Molleda para comercio electr\u00f3nico\" title=\"HM-Garnacha-Crianza-Premium-400x600\" srcset=\"https:\/\/haciendamolleda.com\/wp-content\/uploads\/2020\/02\/HM-Garnacha-Crianza-Premium-400x600.jpg 400w, https:\/\/haciendamolleda.com\/wp-content\/uploads\/2020\/02\/HM-Garnacha-Crianza-Premium-400x600-200x300.jpg 200w\" sizes=\"auto, (max-width: 400px) 100vw, 400px\" \/><\/a>\n\t\t<\/figure>\n\t<\/div>\n\n\t<div class=\"wpb_text_column wpb_content_element\" >\n\t\t<div class=\"wpb_wrapper\">\n\t\t\t<h4 style=\"text-align: center;\">DESCRIPCI\u00d3N<\/h4>\n\n\t\t<\/div>\n\t<\/div>\n<div class=\"vc_separator wpb_content_element vc_separator_align_center vc_sep_width_30 vc_sep_pos_align_center vc_separator_no_text vc_sep_color_grey wpb_content_element  wpb_content_element\" ><span class=\"vc_sep_holder vc_sep_holder_l\"><span class=\"vc_sep_line\"><\/span><\/span><span class=\"vc_sep_holder vc_sep_holder_r\"><span class=\"vc_sep_line\"><\/span><\/span>\n<\/div>\n\t<div class=\"wpb_text_column wpb_content_element\" >\n\t\t<div class=\"wpb_wrapper\">\n\t\t\t<p style=\"text-align: left;\"><strong>Color:<\/strong>\u00a0Intenso rojo rub\u00ed con matices p\u00farpura.<\/p>\n<p style=\"text-align: left;\"><strong>Nariz:<\/strong>\u00a0Expresiva y atractiva, que muestra los valores varietales de la Garnacha, destacando la pimienta negra, c\u00edtricos y romero con un sutil vestigio de especias y cacao.<\/p>\n<p style=\"text-align: left;\"><strong>Boca:<\/strong>\u00a0Intenso, sofisticado y con mucho cuerpo.<\/p>\n\n\t\t<\/div>\n\t<\/div>\n<\/div><\/div><\/div><div class=\"wpb_column vc_column_container vc_col-sm-8 vc_col-has-fill\"><div class=\"vc_column-inner vc_custom_1694003871698\"><div class=\"wpb_wrapper\"><div class=\"vc_separator wpb_content_element vc_separator_align_center vc_sep_width_30 vc_sep_pos_align_center vc_separator_no_text vc_sep_color_grey wpb_content_element  wpb_content_element\" ><span class=\"vc_sep_holder vc_sep_holder_l\"><span class=\"vc_sep_line\"><\/span><\/span><span class=\"vc_sep_holder vc_sep_holder_r\"><span class=\"vc_sep_line\"><\/span><\/span>\n<\/div>\n\t<div class=\"wpb_text_column wpb_content_element\" >\n\t\t<div class=\"wpb_wrapper\">\n\t\t\t<p style=\"text-align: center;\">Es un mono\u2010varietal 100% Garnacha. Tiene como cualidad su gran intensa fruta, ese aroma que recuerda a los alm\u00edbares y el campo, con sus hierbas y especias.<\/p>\n<p style=\"text-align: center;\"><strong>Elaboraci\u00f3n:<\/strong>\u00a0En acero inoxidable con temperatura controlada. El envejecimiento de 6 meses se realiza en barricas de roble franc\u00e9s y americano.<\/p>\n\n\t\t<\/div>\n\t<\/div>\n\n\t<div class=\"wpb_text_column wpb_content_element\" >\n\t\t<div class=\"wpb_wrapper\">\n\t\t\t<h4 style=\"text-align: center;\">Variedad<\/h4>\n<div class=\"icon_description_text\">\n<p style=\"text-align: center;\">Garnacha 100%<\/p>\n<\/div>\n\n\t\t<\/div>\n\t<\/div>\n\n\t<div class=\"wpb_text_column wpb_content_element\" >\n\t\t<div class=\"wpb_wrapper\">\n\t\t\t<h4 style=\"text-align: center;\">Alcohol<\/h4>\n<div class=\"icon_description_text\">\n<p style=\"text-align: center;\">14% vol.<\/p>\n<\/div>\n\n\t\t<\/div>\n\t<\/div>\n\n\t<div class=\"wpb_text_column wpb_content_element\" >\n\t\t<div class=\"wpb_wrapper\">\n\t\t\t<h4 style=\"text-align: center;\">Denominaci\u00f3n<\/h4>\n<div class=\"icon_description_text\">\n<p style=\"text-align: center;\">D.O.P. Cari\u00f1ena. A\u00f1adas 2008, 2009<\/p>\n<\/div>\n\n\t\t<\/div>\n\t<\/div>\n\n\t<div class=\"wpb_text_column wpb_content_element\" >\n\t\t<div class=\"wpb_wrapper\">\n\t\t\t<h4 style=\"text-align: center;\">Maridaje<\/h4>\n<div class=\"icon_description_text\">\n<p style=\"text-align: center;\">Carnes rojas, carnes de caza, pescado, embutidos, quesos, pasta y arroz.<\/p>\n<\/div>\n\n\t\t<\/div>\n\t<\/div>\n\n\t<div class=\"wpb_text_column wpb_content_element\" >\n\t\t<div class=\"wpb_wrapper\">\n\t\t\t<h4 style=\"text-align: center;\">Premios y menciones<\/h4>\n<div class=\"icon_description_text\">\n<p style=\"text-align: center;\">89 puntos The Wine Advocate (Robert Parker) (2007)<\/p>\n<p style=\"text-align: center;\">90 puntos gu\u00eda Pe\u00f1in 2013\u20102014 (2007\u20102009).<\/p>\n<p style=\"text-align: center;\">89 Puntos gu\u00eda Repsol 2012\u20102013 (2008)<\/p>\n<p style=\"text-align: center;\">Medalla plata World Wine &amp; Spirits Competition 2014 (2009)<\/p>\n<p style=\"text-align: center;\">88 puntos \/ 4 estrellas , Gu\u00eda Pe\u00f1in 2015<\/p>\n<p style=\"text-align: center;\">Medalla de bronce en \u00a0IWC 2018 ( International Wine Challence 2018)<\/p>\n<p style=\"text-align: center;\">Medalla de Oro \u00a0en gu\u00eda Gilbert&amp; Gaillard 2019 (2015)<\/p>\n<p style=\"text-align: center;\">Medalla de Bronce Decanter 2019 (2015)<\/p>\n<\/div>\n\n\t\t<\/div>\n\t<\/div>\n<\/div><\/div><\/div><\/div><div class=\"vc_row wpb_row vc_row-fluid\"><div class=\"wpb_column vc_column_container vc_col-sm-2\"><div class=\"vc_column-inner\"><div class=\"wpb_wrapper\"><div class=\"vc_btn3-container vc_btn3-center vc_do_btn\" ><a class=\"vc_general vc_btn3 vc_btn3-size-sm vc_btn3-shape-rounded vc_btn3-style-outline vc_btn3-color-black\" href=\"https:\/\/haciendamolleda.com\/vinos\/\" title=\"Todas las gamas\">Todas las gamas<\/a><\/div><\/div><\/div><\/div><div class=\"wpb_column vc_column_container vc_col-sm-2\"><div class=\"vc_column-inner\"><div class=\"wpb_wrapper\"><div class=\"vc_btn3-container vc_btn3-center vc_do_btn\" ><a class=\"vc_general vc_btn3 vc_btn3-size-sm vc_btn3-shape-rounded vc_btn3-style-outline vc_btn3-color-black\" href=\"https:\/\/haciendamolleda.com\/hacienda-molleda-3\/\" title=\"Hacienda Molleda\">Hacienda Molleda<\/a><\/div><\/div><\/div><\/div><div class=\"wpb_column vc_column_container vc_col-sm-2\"><div class=\"vc_column-inner\"><div class=\"wpb_wrapper\"><div class=\"vc_btn3-container vc_btn3-center vc_do_btn\" ><a class=\"vc_general vc_btn3 vc_btn3-size-sm vc_btn3-shape-rounded vc_btn3-style-outline vc_btn3-color-black\" href=\"https:\/\/haciendamolleda.com\/ghm\/\" title=\"GHM\">GHM<\/a><\/div><\/div><\/div><\/div><div class=\"wpb_column vc_column_container vc_col-sm-2\"><div class=\"vc_column-inner\"><div class=\"wpb_wrapper\"><div class=\"vc_btn3-container vc_btn3-center vc_do_btn\" ><a class=\"vc_general vc_btn3 vc_btn3-size-sm vc_btn3-shape-rounded vc_btn3-style-outline vc_btn3-color-black\" href=\"https:\/\/haciendamolleda.com\/finca-la-matea\/\" title=\"Finca La Matea\">Finca La Matea<\/a><\/div><\/div><\/div><\/div><div class=\"wpb_column vc_column_container vc_col-sm-2\"><div class=\"vc_column-inner\"><div class=\"wpb_wrapper\"><div class=\"vc_btn3-container vc_btn3-center vc_do_btn\" ><a class=\"vc_general vc_btn3 vc_btn3-size-sm vc_btn3-shape-rounded vc_btn3-style-outline vc_btn3-color-black\" href=\"https:\/\/haciendamolleda.com\/tierra-de-andros\/\" title=\"Tierra de Andros\">Tierra de Andros<\/a><\/div><\/div><\/div><\/div><div class=\"wpb_column vc_column_container vc_col-sm-2\"><div class=\"vc_column-inner\"><div class=\"wpb_wrapper\"><div class=\"vc_btn3-container vc_btn3-center vc_do_btn\" ><a class=\"vc_general vc_btn3 vc_btn3-size-sm vc_btn3-shape-rounded vc_btn3-style-outline vc_btn3-color-black\" href=\"https:\/\/haciendamolleda.com\/lleda\/\" title=\"Lleda\">Lleda<\/a><\/div><\/div><\/div><\/div><\/div>\n<\/div>","protected":false},"excerpt":{"rendered":"Selecci\u00f3n de parcelas vendimiadas en su momento \u00f3ptimo para extraer el m\u00e1ximo de aromas. Fermentaci\u00f3n de la uva a temperatura controlada para preservar el m\u00e1ximo de fruta. HACIENDA MOLLEDA \u2013 GARNACHA BLANCA BLANCO JOVEN DESCRIPCI\u00d3N Color: Amarillo verdoso Nariz: Gran Intensidad arom\u00e1tica. Predominan las flores blancas azahar, jazm\u00edn, azucena\u2026con tonos herb\u00e1ceos de retama. Tambi\u00e9n encontramos<br class=\"read-more-spacer\"> <a class=\"more-link\" href=\"https:\/\/haciendamolleda.com\/en\/hacienda-molleda-3\/\">Read More<\/a>","protected":false},"author":1,"featured_media":2323,"parent":0,"menu_order":0,"comment_status":"closed","ping_status":"closed","template":"","meta":{"footnotes":""},"class_list":["post-1590","page","type-page","status-publish","has-post-thumbnail","hentry"],"yoast_head":"<!-- This site is optimized with the Yoast SEO plugin v24.7 - https:\/\/yoast.com\/wordpress\/plugins\/seo\/ -->\n<title>Hacienda Molleda - Hacienda Molleda<\/title>\n<meta name=\"robots\" content=\"index, follow, max-snippet:-1, max-image-preview:large, max-video-preview:-1\" \/>\n<link rel=\"canonical\" href=\"https:\/\/haciendamolleda.com\/en\/hacienda-molleda-3\/\" \/>\n<meta property=\"og:locale\" content=\"en_GB\" \/>\n<meta property=\"og:type\" content=\"article\" \/>\n<meta property=\"og:title\" content=\"Hacienda Molleda - Hacienda Molleda\" \/>\n<meta property=\"og:url\" content=\"https:\/\/haciendamolleda.com\/en\/hacienda-molleda-3\/\" \/>\n<meta property=\"og:site_name\" content=\"Hacienda Molleda\" \/>\n<meta property=\"article:modified_time\" content=\"2024-06-19T12:54:04+00:00\" \/>\n<meta property=\"og:image\" content=\"https:\/\/haciendamolleda.com\/wp-content\/uploads\/2023\/09\/header-vinos.jpg\" \/>\n\t<meta property=\"og:image:width\" content=\"1600\" \/>\n\t<meta property=\"og:image:height\" content=\"470\" \/>\n\t<meta property=\"og:image:type\" content=\"image\/jpeg\" \/>\n<meta name=\"twitter:card\" content=\"summary_large_image\" \/>\n<meta name=\"twitter:label1\" content=\"Estimated reading time\" \/>\n\t<meta name=\"twitter:data1\" content=\"12 minutes\" \/>\n<script type=\"application\/ld+json\" class=\"yoast-schema-graph\">{\"@context\":\"https:\/\/schema.org\",\"@graph\":[{\"@type\":\"WebPage\",\"@id\":\"https:\/\/haciendamolleda.com\/hacienda-molleda-3\/\",\"url\":\"https:\/\/haciendamolleda.com\/hacienda-molleda-3\/\",\"name\":\"Hacienda Molleda - Hacienda Molleda\",\"isPartOf\":{\"@id\":\"https:\/\/haciendamolleda.com\/#website\"},\"primaryImageOfPage\":{\"@id\":\"https:\/\/haciendamolleda.com\/hacienda-molleda-3\/#primaryimage\"},\"image\":{\"@id\":\"https:\/\/haciendamolleda.com\/hacienda-molleda-3\/#primaryimage\"},\"thumbnailUrl\":\"https:\/\/haciendamolleda.com\/wp-content\/uploads\/2023\/09\/header-vinos.jpg\",\"datePublished\":\"2020-02-19T13:25:18+00:00\",\"dateModified\":\"2024-06-19T12:54:04+00:00\",\"breadcrumb\":{\"@id\":\"https:\/\/haciendamolleda.com\/hacienda-molleda-3\/#breadcrumb\"},\"inLanguage\":\"en-GB\",\"potentialAction\":[{\"@type\":\"ReadAction\",\"target\":[\"https:\/\/haciendamolleda.com\/hacienda-molleda-3\/\"]}]},{\"@type\":\"ImageObject\",\"inLanguage\":\"en-GB\",\"@id\":\"https:\/\/haciendamolleda.com\/hacienda-molleda-3\/#primaryimage\",\"url\":\"https:\/\/haciendamolleda.com\/wp-content\/uploads\/2023\/09\/header-vinos.jpg\",\"contentUrl\":\"https:\/\/haciendamolleda.com\/wp-content\/uploads\/2023\/09\/header-vinos.jpg\",\"width\":1600,\"height\":470,\"caption\":\"Fotograf\u00eda de producto botella de vino de Hacienda Molleda para comercio electr\u00f3nico\"},{\"@type\":\"BreadcrumbList\",\"@id\":\"https:\/\/haciendamolleda.com\/hacienda-molleda-3\/#breadcrumb\",\"itemListElement\":[{\"@type\":\"ListItem\",\"position\":1,\"name\":\"Portada\",\"item\":\"https:\/\/haciendamolleda.com\/\"},{\"@type\":\"ListItem\",\"position\":2,\"name\":\"Hacienda Molleda\"}]},{\"@type\":\"WebSite\",\"@id\":\"https:\/\/haciendamolleda.com\/#website\",\"url\":\"https:\/\/haciendamolleda.com\/\",\"name\":\"Hacienda Molleda\",\"description\":\"Hacienda Molleda es la bodega m\u00e1s alta de la D.O.P. Cari\u00f1ena. El valor de lo aut\u00f3ctono en vinos realizados con garnacha y cari\u00f1ena, variedades locales.\",\"potentialAction\":[{\"@type\":\"SearchAction\",\"target\":{\"@type\":\"EntryPoint\",\"urlTemplate\":\"https:\/\/haciendamolleda.com\/?s={search_term_string}\"},\"query-input\":{\"@type\":\"PropertyValueSpecification\",\"valueRequired\":true,\"valueName\":\"search_term_string\"}}],\"inLanguage\":\"en-GB\"}]}<\/script>\n<!-- \/ Yoast SEO plugin. -->","yoast_head_json":{"title":"Hacienda Molleda - Hacienda Molleda","robots":{"index":"index","follow":"follow","max-snippet":"max-snippet:-1","max-image-preview":"max-image-preview:large","max-video-preview":"max-video-preview:-1"},"canonical":"https:\/\/haciendamolleda.com\/en\/hacienda-molleda-3\/","og_locale":"en_GB","og_type":"article","og_title":"Hacienda Molleda - Hacienda Molleda","og_url":"https:\/\/haciendamolleda.com\/en\/hacienda-molleda-3\/","og_site_name":"Hacienda Molleda","article_modified_time":"2024-06-19T12:54:04+00:00","og_image":[{"width":1600,"height":470,"url":"https:\/\/haciendamolleda.com\/wp-content\/uploads\/2023\/09\/header-vinos.jpg","type":"image\/jpeg"}],"twitter_card":"summary_large_image","twitter_misc":{"Estimated reading time":"12 minutes"},"schema":{"@context":"https:\/\/schema.org","@graph":[{"@type":"WebPage","@id":"https:\/\/haciendamolleda.com\/hacienda-molleda-3\/","url":"https:\/\/haciendamolleda.com\/hacienda-molleda-3\/","name":"Hacienda Molleda - Hacienda Molleda","isPartOf":{"@id":"https:\/\/haciendamolleda.com\/#website"},"primaryImageOfPage":{"@id":"https:\/\/haciendamolleda.com\/hacienda-molleda-3\/#primaryimage"},"image":{"@id":"https:\/\/haciendamolleda.com\/hacienda-molleda-3\/#primaryimage"},"thumbnailUrl":"https:\/\/haciendamolleda.com\/wp-content\/uploads\/2023\/09\/header-vinos.jpg","datePublished":"2020-02-19T13:25:18+00:00","dateModified":"2024-06-19T12:54:04+00:00","breadcrumb":{"@id":"https:\/\/haciendamolleda.com\/hacienda-molleda-3\/#breadcrumb"},"inLanguage":"en-GB","potentialAction":[{"@type":"ReadAction","target":["https:\/\/haciendamolleda.com\/hacienda-molleda-3\/"]}]},{"@type":"ImageObject","inLanguage":"en-GB","@id":"https:\/\/haciendamolleda.com\/hacienda-molleda-3\/#primaryimage","url":"https:\/\/haciendamolleda.com\/wp-content\/uploads\/2023\/09\/header-vinos.jpg","contentUrl":"https:\/\/haciendamolleda.com\/wp-content\/uploads\/2023\/09\/header-vinos.jpg","width":1600,"height":470,"caption":"Fotograf\u00eda de producto botella de vino de Hacienda Molleda para comercio electr\u00f3nico"},{"@type":"BreadcrumbList","@id":"https:\/\/haciendamolleda.com\/hacienda-molleda-3\/#breadcrumb","itemListElement":[{"@type":"ListItem","position":1,"name":"Portada","item":"https:\/\/haciendamolleda.com\/"},{"@type":"ListItem","position":2,"name":"Hacienda Molleda"}]},{"@type":"WebSite","@id":"https:\/\/haciendamolleda.com\/#website","url":"https:\/\/haciendamolleda.com\/","name":"Hacienda Molleda","description":"Hacienda Molleda es la bodega m\u00e1s alta de la D.O.P. Cari\u00f1ena. El valor de lo aut\u00f3ctono en vinos realizados con garnacha y cari\u00f1ena, variedades locales.","potentialAction":[{"@type":"SearchAction","target":{"@type":"EntryPoint","urlTemplate":"https:\/\/haciendamolleda.com\/?s={search_term_string}"},"query-input":{"@type":"PropertyValueSpecification","valueRequired":true,"valueName":"search_term_string"}}],"inLanguage":"en-GB"}]}},"_links":{"self":[{"href":"https:\/\/haciendamolleda.com\/en\/wp-json\/wp\/v2\/pages\/1590","targetHints":{"allow":["GET"]}}],"collection":[{"href":"https:\/\/haciendamolleda.com\/en\/wp-json\/wp\/v2\/pages"}],"about":[{"href":"https:\/\/haciendamolleda.com\/en\/wp-json\/wp\/v2\/types\/page"}],"author":[{"embeddable":true,"href":"https:\/\/haciendamolleda.com\/en\/wp-json\/wp\/v2\/users\/1"}],"replies":[{"embeddable":true,"href":"https:\/\/haciendamolleda.com\/en\/wp-json\/wp\/v2\/comments?post=1590"}],"version-history":[{"count":42,"href":"https:\/\/haciendamolleda.com\/en\/wp-json\/wp\/v2\/pages\/1590\/revisions"}],"predecessor-version":[{"id":2670,"href":"https:\/\/haciendamolleda.com\/en\/wp-json\/wp\/v2\/pages\/1590\/revisions\/2670"}],"wp:featuredmedia":[{"embeddable":true,"href":"https:\/\/haciendamolleda.com\/en\/wp-json\/wp\/v2\/media\/2323"}],"wp:attachment":[{"href":"https:\/\/haciendamolleda.com\/en\/wp-json\/wp\/v2\/media?parent=1590"}],"curies":[{"name":"wp","href":"https:\/\/api.w.org\/{rel}","templated":true}]}}